{"id":465,"date":"2026-04-28T19:52:08","date_gmt":"2026-04-28T17:52:08","guid":{"rendered":"https:\/\/cevithalwil.ch\/?page_id=465"},"modified":"2026-04-28T23:07:50","modified_gmt":"2026-04-28T21:07:50","slug":"preise-hausordnung","status":"publish","type":"page","link":"https:\/\/cevithalwil.ch\/index.php\/cevihaus-alba\/preise-hausordnung\/","title":{"rendered":"Preise \/ Hausordnung"},"content":{"rendered":"\n<p><strong>Preisliste Cevihaus Alba \u2013 Stand 1.1.2026<\/strong><\/p>\n\n\n\n<p>Diese Preisliste enth\u00e4lt die aktuell g\u00fcltigen Preise in CHF und ist fester Bestandteil der Hausordnung. Sie ist Beilage von jedem Vermietungsvertrag.<\/p>\n\n\n\n<p><strong>Regul\u00e4re Mietdauer:<\/strong><\/p>\n\n\n\n<ul class=\"wp-block-list\">\n<li><strong>Freitag:<\/strong> 18:00 Uhr bis Samstag 11:00 Uhr<\/li>\n<\/ul>\n\n\n\n<ul class=\"wp-block-list\">\n<li><strong>Samstag:<\/strong> 17:00 Uhr bis Sonntag 11:00 Uhr<\/li>\n\n\n\n<li><strong>Unter der Woche \/ Schulferien:<\/strong> Vermietungen sind auf Anfrage m\u00f6glich<\/li>\n\n\n\n<li>F\u00fcr wiederholende Vermietungen wie Seminare, Kurse etc. bitten wir um direkte Kontaktaufnahme. Gerne unterbreiten wir Ihnen ein individuelles Angebot auf Anfrage.<\/li>\n<\/ul>\n\n\n\n<hr class=\"wp-block-separator has-alpha-channel-opacity\"\/>\n\n\n\n<p><strong>Preise<\/strong><\/p>\n\n\n\n<p>Regul\u00e4re Vermietung: <strong>Fr. 280.\u2013<\/strong><\/p>\n\n\n\n<p>Jugendorganisationen \/ Vereine aus Thalwil, Gattikon, Langnau a. Albis: <strong>Fr. 230.\u2013<\/strong><\/p>\n\n\n\n<hr class=\"wp-block-separator has-alpha-channel-opacity\"\/>\n\n\n\n<p><strong>Depot<\/strong><\/p>\n\n\n\n<ul class=\"wp-block-list\">\n<li>Das Depot ist bei der Haus\u00fcbernahme bar oder per Twint zu entrichten und wird bei einer ordentlichen R\u00fcckgabe des Heims bar\/oder per Twint zur\u00fcckerstattet: <strong>Fr. 300.\u2013<\/strong><\/li>\n\n\n\n<li>Wartezeiten (ab \u00bd h des Heimwarts bei der Heimr\u00fcckgabe) und Nachreinigungen werden pro angebrochener Stunde verrechnet bzw. beim Depot abgezogen: <strong>Fr. 60.\u2013\/h<\/strong><\/li>\n<\/ul>\n\n\n\n<hr class=\"wp-block-separator has-alpha-channel-opacity\"\/>\n\n\n\n<p><strong>Annullierungsgeb\u00fchr<\/strong><\/p>\n\n\n\n<ul class=\"wp-block-list\">\n<li>Sofern die Annullierung fr\u00fcher als 6 Wochen vor Mietantritt erfolgt (pauschal): <strong>Fr. 50.\u2013<\/strong><\/li>\n\n\n\n<li>Sofern die Annullierung sp\u00e4ter als 6 Wochen vor Mietantritt erfolgt (pauschal): <strong>Fr. 100.\u2013<\/strong><\/li>\n<\/ul>\n\n\n\n<div class=\"wp-block-group is-nowrap is-layout-flex wp-container-core-group-is-layout-6c531013 wp-block-group-is-layout-flex\">\n<div data-wp-interactive=\"core\/file\" class=\"wp-block-file\"><object data-wp-bind--hidden=\"!state.hasPdfPreview\" hidden class=\"wp-block-file__embed\" data=\"https:\/\/cevithalwil.ch\/wp-content\/uploads\/2026\/04\/Hausordnung_Cevihaus-Alba_13.04.2026.pdf\" type=\"application\/pdf\" style=\"width:100%;height:200px\" aria-label=\"Einbettung von Hausordnung Cevihaus Alba.\"><\/object><a id=\"wp-block-file--media-515791e3-19e0-46ab-9778-3f589c89e6b3\" href=\"https:\/\/cevithalwil.ch\/wp-content\/uploads\/2026\/04\/Hausordnung_Cevihaus-Alba_13.04.2026.pdf\" target=\"_blank\" rel=\"noreferrer noopener\">Hausordnung Cevihaus Alba<\/a><\/div>\n\n\n\n<div data-wp-interactive=\"core\/file\" class=\"wp-block-file\"><object data-wp-bind--hidden=\"!state.hasPdfPreview\" hidden class=\"wp-block-file__embed\" data=\"https:\/\/cevithalwil.ch\/wp-content\/uploads\/2026\/04\/Preisliste_Cevihaus-Alba_13.04.2026.pdf\" type=\"application\/pdf\" style=\"width:100%;height:200px\" aria-label=\"Einbettung von Preisliste Cevihaus Alba.\"><\/object><a id=\"wp-block-file--media-f37774b3-8fda-4640-91eb-d61b11b06cb2\" href=\"https:\/\/cevithalwil.ch\/wp-content\/uploads\/2026\/04\/Preisliste_Cevihaus-Alba_13.04.2026.pdf\" target=\"_blank\" rel=\"noreferrer noopener\">Preisliste Cevihaus Alba<\/a><\/div>\n<\/div>\n\n\n\n<div class=\"wp-block-group is-nowrap is-layout-flex wp-container-core-group-is-layout-6c531013 wp-block-group-is-layout-flex\"><\/div>\n","protected":false},"excerpt":{"rendered":"<p>Preisliste Cevihaus Alba \u2013 Stand 1.1.2026 Diese Preisliste enth\u00e4lt die aktuell g\u00fcltigen Preise in CHF und ist fester Bestandteil der Hausordnung. Sie ist Beilage von jedem Vermietungsvertrag. Regul\u00e4re Mietdauer: Preise [&hellip;]<\/p>\n","protected":false},"author":1,"featured_media":0,"parent":467,"menu_order":4,"comment_status":"closed","ping_status":"closed","template":"","meta":{"_EventAllDay":false,"_EventTimezone":"","_EventStartDate":"","_EventEndDate":"","_EventStartDateUTC":"","_EventEndDateUTC":"","_EventShowMap":false,"_EventShowMapLink":false,"_EventURL":"","_EventCost":"","_EventCostDescription":"","_EventCurrencySymbol":"","_EventCurrencyCode":"","_EventCurrencyPosition":"","_EventDateTimeSeparator":"","_EventTimeRangeSeparator":"","_EventOrganizerID":[],"_EventVenueID":[],"_OrganizerEmail":"","_OrganizerPhone":"","_OrganizerWebsite":"","_VenueAddress":"","_VenueCity":"","_VenueCountry":"","_VenueProvince":"","_VenueState":"","_VenueZip":"","_VenuePhone":"","_VenueURL":"","_VenueStateProvince":"","_VenueLat":"","_VenueLng":"","_VenueShowMap":false,"_VenueShowMapLink":false,"footnotes":""},"class_list":["post-465","page","type-page","status-publish","hentry"],"_links":{"self":[{"href":"https:\/\/cevithalwil.ch\/index.php\/wp-json\/wp\/v2\/pages\/465","targetHints":{"allow":["GET"]}}],"collection":[{"href":"https:\/\/cevithalwil.ch\/index.php\/wp-json\/wp\/v2\/pages"}],"about":[{"href":"https:\/\/cevithalwil.ch\/index.php\/wp-json\/wp\/v2\/types\/page"}],"author":[{"embeddable":true,"href":"https:\/\/cevithalwil.ch\/index.php\/wp-json\/wp\/v2\/users\/1"}],"replies":[{"embeddable":true,"href":"https:\/\/cevithalwil.ch\/index.php\/wp-json\/wp\/v2\/comments?post=465"}],"version-history":[{"count":3,"href":"https:\/\/cevithalwil.ch\/index.php\/wp-json\/wp\/v2\/pages\/465\/revisions"}],"predecessor-version":[{"id":527,"href":"https:\/\/cevithalwil.ch\/index.php\/wp-json\/wp\/v2\/pages\/465\/revisions\/527"}],"up":[{"embeddable":true,"href":"https:\/\/cevithalwil.ch\/index.php\/wp-json\/wp\/v2\/pages\/467"}],"wp:attachment":[{"href":"https:\/\/cevithalwil.ch\/index.php\/wp-json\/wp\/v2\/media?parent=465"}],"curies":[{"name":"wp","href":"https:\/\/api.w.org\/{rel}","templated":true}]}}